{"version":"1.0","provider_name":"MediaMarkt Magazin","provider_url":"https:\/\/hir.mediamarkt.hu\/magazin","title":"Kis magyar aj\u00e1nd\u00e9koz\u00e1s-l\u00e9lektan, avagy \u00edgy adunk mi? - MediaMarkt Magazin","type":"rich","width":600,"height":338,"html":"<blockquote class=\"wp-embedded-content\" data-secret=\"wsVMDr0iad\"><a href=\"https:\/\/hir.mediamarkt.hu\/magazin\/kis-magyar-ajandekozas-lelektan-avagy-igy-adunk-mi\/\">Kis magyar aj\u00e1nd\u00e9koz\u00e1s-l\u00e9lektan, avagy \u00edgy adunk mi?<\/a><\/blockquote><iframe sandbox=\"allow-scripts\" security=\"restricted\" src=\"https:\/\/hir.mediamarkt.hu\/magazin\/kis-magyar-ajandekozas-lelektan-avagy-igy-adunk-mi\/embed\/#?secret=wsVMDr0iad\" width=\"600\" height=\"338\" title=\"&#8220;Kis magyar aj\u00e1nd\u00e9koz\u00e1s-l\u00e9lektan, avagy \u00edgy adunk mi?&#8221; &#8212; MediaMarkt Magazin\" data-secret=\"wsVMDr0iad\" frameborder=\"0\" marginwidth=\"0\" marginheight=\"0\" scrolling=\"no\" class=\"wp-embedded-content\"><\/iframe><script type=\"text\/javascript\">\n\/* <![CDATA[ *\/\n\/*! This file is auto-generated *\/\n!function(d,l){\"use strict\";l.querySelector&&d.addEventListener&&\"undefined\"!=typeof URL&&(d.wp=d.wp||{},d.wp.receiveEmbedMessage||(d.wp.receiveEmbedMessage=function(e){var t=e.data;if((t||t.secret||t.message||t.value)&&!\/[^a-zA-Z0-9]\/.test(t.secret)){for(var s,r,n,a=l.querySelectorAll('iframe[data-secret=\"'+t.secret+'\"]'),o=l.querySelectorAll('blockquote[data-secret=\"'+t.secret+'\"]'),c=new RegExp(\"^https?:$\",\"i\"),i=0;i<o.length;i++)o[i].style.display=\"none\";for(i=0;i<a.length;i++)s=a[i],e.source===s.contentWindow&&(s.removeAttribute(\"style\"),\"height\"===t.message?(1e3<(r=parseInt(t.value,10))?r=1e3:~~r<200&&(r=200),s.height=r):\"link\"===t.message&&(r=new URL(s.getAttribute(\"src\")),n=new URL(t.value),c.test(n.protocol))&&n.host===r.host&&l.activeElement===s&&(d.top.location.href=t.value))}},d.addEventListener(\"message\",d.wp.receiveEmbedMessage,!1),l.addEventListener(\"DOMContentLoaded\",function(){for(var e,t,s=l.querySelectorAll(\"iframe.wp-embedded-content\"),r=0;r<s.length;r++)(t=(e=s[r]).getAttribute(\"data-secret\"))||(t=Math.random().toString(36).substring(2,12),e.src+=\"#?secret=\"+t,e.setAttribute(\"data-secret\",t)),e.contentWindow.postMessage({message:\"ready\",secret:t},\"*\")},!1)))}(window,document);\n\/* ]]> *\/\n<\/script>\n","thumbnail_url":"https:\/\/hir.mediamarkt.hu\/magazin\/wp-content\/uploads\/2017\/12\/kar4.jpg","thumbnail_width":1280,"thumbnail_height":853,"description":"Az \u00fcnnepek k\u00f6zeledt\u00e9vel egyszer\u0171en nem \u00e1llhatom meg, hogy ne gondolkodjak el az aj\u00e1nd\u00e9koz\u00e1si l\u00e1z k\u00e9rd\u00e9sk\u00f6r\u00e9r\u0151l. Nagyobb v\u00e1laszt\u00e9k, sz\u00e9lesebb k\u00f6r\u0171 lehet\u0151s\u00e9gek, magyar\u00e1n szem\u00e9lyre szabottabb meglepet\u00e9sek \u00e1llnak rendelkez\u00e9sre kar\u00e1csony t\u00e1j\u00e1n. De vajon azt adjuk, amire a m\u00e1sik v\u00e1gyik? Egy\u00e1ltal\u00e1n kinek jobb? Aki ad vagy aki kap? Meg\u00faszhat\u00f3 a feny\u0151 illat\u00fa ideg\u00f6sszeroppan\u00e1s? Kis kar\u00e1csonyi elm\u00e9lked\u00e9s az aj\u00e1nd\u00e9koz\u00e1s pszichol\u00f3gi\u00e1j\u00e1r\u00f3l \u00e9s anom\u00e1li\u00e1ir\u00f3l."}