{"version":"1.0","provider_name":"MediaMarkt Magazin","provider_url":"https:\/\/hir.mediamarkt.hu\/magazin","title":"Ragadd meg a pillanatot: erre j\u00f3 egy sportkamera - MediaMarkt Magazin","type":"rich","width":600,"height":338,"html":"<blockquote class=\"wp-embedded-content\" data-secret=\"6E4fB7KRys\"><a href=\"https:\/\/hir.mediamarkt.hu\/magazin\/ragadd-meg-pillanatot-erre-jo-egy-sportkamera\/\">Ragadd meg a pillanatot: <br\/><span>erre j\u00f3 egy sportkamera<\/span><\/a><\/blockquote><iframe sandbox=\"allow-scripts\" security=\"restricted\" src=\"https:\/\/hir.mediamarkt.hu\/magazin\/ragadd-meg-pillanatot-erre-jo-egy-sportkamera\/embed\/#?secret=6E4fB7KRys\" width=\"600\" height=\"338\" title=\"&#8220;Ragadd meg a pillanatot: &lt;br\/&gt;&lt;span&gt;erre j\u00f3 egy sportkamera&lt;\/span&gt;&#8221; &#8212; MediaMarkt Magazin\" data-secret=\"6E4fB7KRys\" frameborder=\"0\" marginwidth=\"0\" marginheight=\"0\" scrolling=\"no\" class=\"wp-embedded-content\"><\/iframe><script type=\"text\/javascript\">\n\/* <![CDATA[ *\/\n\/*! This file is auto-generated *\/\n!function(d,l){\"use strict\";l.querySelector&&d.addEventListener&&\"undefined\"!=typeof URL&&(d.wp=d.wp||{},d.wp.receiveEmbedMessage||(d.wp.receiveEmbedMessage=function(e){var t=e.data;if((t||t.secret||t.message||t.value)&&!\/[^a-zA-Z0-9]\/.test(t.secret)){for(var s,r,n,a=l.querySelectorAll('iframe[data-secret=\"'+t.secret+'\"]'),o=l.querySelectorAll('blockquote[data-secret=\"'+t.secret+'\"]'),c=new RegExp(\"^https?:$\",\"i\"),i=0;i<o.length;i++)o[i].style.display=\"none\";for(i=0;i<a.length;i++)s=a[i],e.source===s.contentWindow&&(s.removeAttribute(\"style\"),\"height\"===t.message?(1e3<(r=parseInt(t.value,10))?r=1e3:~~r<200&&(r=200),s.height=r):\"link\"===t.message&&(r=new URL(s.getAttribute(\"src\")),n=new URL(t.value),c.test(n.protocol))&&n.host===r.host&&l.activeElement===s&&(d.top.location.href=t.value))}},d.addEventListener(\"message\",d.wp.receiveEmbedMessage,!1),l.addEventListener(\"DOMContentLoaded\",function(){for(var e,t,s=l.querySelectorAll(\"iframe.wp-embedded-content\"),r=0;r<s.length;r++)(t=(e=s[r]).getAttribute(\"data-secret\"))||(t=Math.random().toString(36).substring(2,12),e.src+=\"#?secret=\"+t,e.setAttribute(\"data-secret\",t)),e.contentWindow.postMessage({message:\"ready\",secret:t},\"*\")},!1)))}(window,document);\n\/* ]]> *\/\n<\/script>\n","thumbnail_url":"https:\/\/hir.mediamarkt.hu\/magazin\/wp-content\/uploads\/2018\/06\/gopro_header.jpg","thumbnail_width":1440,"thumbnail_height":540,"description":"Egyre t\u00f6bbsz\u00f6r tal\u00e1lkozni olyan furcsa emberk\u00e9kkel, akik a biciklis v\u00e9d\u0151sisakjukon, esetleg az ejt\u0151erny\u0151s szettj\u00fck p\u00e1ntj\u00e1ra er\u0151s\u00edtve, vagy \u00e9pp a motor korm\u00e1ny\u00e1ra er\u0151s\u00edtve apr\u00f3 kis &#8222;kock\u00e1kat&#8221; haszn\u00e1lnak. Az ilyen par\u00e1nyi kamer\u00e1k m\u00e9rete ne t\u00e9vesszen meg senkit, hiszen hihetetlen\u00fcl sokr\u00e9t\u0171en felhaszn\u00e1lhat\u00f3, j\u00f3 k\u00e9pmin\u0151s\u00e9g\u0171, \u00e9s legf\u0151k\u00e9ppen gyors reag\u00e1l\u00e1s\u00fa akci\u00f3kamer\u00e1kr\u00f3l van sz\u00f3, amelyeket kifejezetten a sebess\u00e9g, az \u00f3ri\u00e1si terek, a nagy\u00edv\u0171 mozg\u00e1sok t\u00f6k\u00e9letes r\u00f6gz\u00edt\u00e9s\u00e9re tal\u00e1ltak ki. A kateg\u00f3ria kir\u00e1lya egy\u00e9rtelm\u0171en az akci\u00f3kamer\u00e1k fogalm\u00e1t kital\u00e1l\u00f3 GoPro, de manaps\u00e1g m\u00e1r egyre t\u00f6bb gy\u00e1rt\u00f3 jelenik meg hasonl\u00f3 c\u00e9lokra sz\u00e1nt apr\u00f3 kamer\u00e1kkal, amelyeket \u00e9rtelemszer\u0171en teljesen m\u00e1shogy kell haszn\u00e1lni, mint egy hagyom\u00e1nyos f\u00e9nyk\u00e9pez\u0151g\u00e9pet vagy vide\u00f3kamer\u00e1t. Az \u00f6tlet a sz\u00f6rf\u00f6s\u00f6kt\u0151l sz\u00e1rmazik, akik szerett\u00e9k volna saj\u00e1t szemsz\u00f6g\u00fckb\u0151l meg\u00f6r\u00f6k\u00edteni, ahogy a leg\u0151r\u00fcltebb tr\u00fckk\u00f6ket mutatj\u00e1k be a hull\u00e1mok h\u00e1t\u00e1n (vagy \u00e9pp alattuk), de"}