{"version":"1.0","provider_name":"MediaMarkt Magazin","provider_url":"https:\/\/hir.mediamarkt.hu\/magazin","title":"Sony VAIO Duo, a dr\u00e1gasz\u00e1\u00e1\u00e1g - MediaMarkt Magazin","type":"rich","width":600,"height":338,"html":"<blockquote class=\"wp-embedded-content\" data-secret=\"CCL1RiKstr\"><a href=\"https:\/\/hir.mediamarkt.hu\/magazin\/sony-vaio-duo-a-dragaszaaag\/\">Sony VAIO Duo, a dr\u00e1gasz\u00e1\u00e1\u00e1g<\/a><\/blockquote><iframe sandbox=\"allow-scripts\" security=\"restricted\" src=\"https:\/\/hir.mediamarkt.hu\/magazin\/sony-vaio-duo-a-dragaszaaag\/embed\/#?secret=CCL1RiKstr\" width=\"600\" height=\"338\" title=\"&#8220;Sony VAIO Duo, a dr\u00e1gasz\u00e1\u00e1\u00e1g&#8221; &#8212; MediaMarkt Magazin\" data-secret=\"CCL1RiKstr\" frameborder=\"0\" marginwidth=\"0\" marginheight=\"0\" scrolling=\"no\" class=\"wp-embedded-content\"><\/iframe><script type=\"text\/javascript\">\n\/* <![CDATA[ *\/\n\/*! This file is auto-generated *\/\n!function(d,l){\"use strict\";l.querySelector&&d.addEventListener&&\"undefined\"!=typeof URL&&(d.wp=d.wp||{},d.wp.receiveEmbedMessage||(d.wp.receiveEmbedMessage=function(e){var t=e.data;if((t||t.secret||t.message||t.value)&&!\/[^a-zA-Z0-9]\/.test(t.secret)){for(var s,r,n,a=l.querySelectorAll('iframe[data-secret=\"'+t.secret+'\"]'),o=l.querySelectorAll('blockquote[data-secret=\"'+t.secret+'\"]'),c=new RegExp(\"^https?:$\",\"i\"),i=0;i<o.length;i++)o[i].style.display=\"none\";for(i=0;i<a.length;i++)s=a[i],e.source===s.contentWindow&&(s.removeAttribute(\"style\"),\"height\"===t.message?(1e3<(r=parseInt(t.value,10))?r=1e3:~~r<200&&(r=200),s.height=r):\"link\"===t.message&&(r=new URL(s.getAttribute(\"src\")),n=new URL(t.value),c.test(n.protocol))&&n.host===r.host&&l.activeElement===s&&(d.top.location.href=t.value))}},d.addEventListener(\"message\",d.wp.receiveEmbedMessage,!1),l.addEventListener(\"DOMContentLoaded\",function(){for(var e,t,s=l.querySelectorAll(\"iframe.wp-embedded-content\"),r=0;r<s.length;r++)(t=(e=s[r]).getAttribute(\"data-secret\"))||(t=Math.random().toString(36).substring(2,12),e.src+=\"#?secret=\"+t,e.setAttribute(\"data-secret\",t)),e.contentWindow.postMessage({message:\"ready\",secret:t},\"*\")},!1)))}(window,document);\n\/* ]]> *\/\n<\/script>\n","description":"A Sony majdnem f\u00e9lmilli\u00f3s tablet-ultrabook hibridj\u00e9t n\u00e9zt\u00fck meg k\u00f6zelebbr\u0151l. Ha egy notebook \u00e1rc\u00e9dul\u00e1j\u00e1n 479.900 Ft van felt\u00fcntetve, akkor ott kell lennie valami turpiss\u00e1gnak. A Sony VAIO Duo 13 eset\u00e9ben p\u00e9ld\u00e1ul r\u00f6gt\u00f6n l\u00e1tszik, hogy rosszul van a kijelz\u0151, hiszen kifel\u00e9 \u00e1ll, pont ford\u00edtva, mint egy norm\u00e1l notebookon. Ezen fel\u00fcl a szok\u00e1sos dr\u00e1ga k\u00fclcs\u00ednt kapjuk. V\u00e9kony k\u00e9sz\u00fcl\u00e9kh\u00e1zat, ahogy egy Ultrabookhoz illik mostans\u00e1g, sz\u00f6gletes form\u00e1kat, ami kifejezetten j\u00f3l \u00e1ll a mostani VAIO g\u00e9peknek, \u00edgy a Duonak is. Kicsi, k\u00f6nny\u0171 \u00e9s sz\u00e9p, de ez m\u00e9g kor\u00e1ntsem \u00e9r meg k\u00f6zel f\u00e9l milli\u00f3 forintot. De kicsit lass\u00edtsunk \u00e9s n\u00e9zz\u00fck meg k\u00f6zelebbr\u0151l az ez\u00fcst g\u00e9pcsod\u00e1t. Megk\u00f6zel\u00edt\u0151leg egy \u00e9ve, hogy elkezdt\u00fck &#8222;tapicskolni&#8221; a notebookok k\u00e9perny\u0151j\u00e9t. Term\u00e9szetesen nem a m\u00e1r a k\u00e9tezres \u00e9vek eleje \u00f3ta jelen l\u00e9v\u0151 m\u00e9regdr\u00e1ga, f\u0151leg","thumbnail_url":"http:\/\/hir.mediamarkt.hu\/magazin\/images\/0917_01.png"}